{"id":6791,"date":"2026-02-02T10:43:12","date_gmt":"2026-02-02T14:43:12","guid":{"rendered":"https:\/\/mrhome.com.do\/?post_type=propiedad&#038;p=6791"},"modified":"2026-02-02T10:43:12","modified_gmt":"2026-02-02T14:43:12","slug":"proyecto-de-apartamentos-en-la-esperilla-415743","status":"publish","type":"propiedad","link":"https:\/\/mrhome.com.do\/en\/propiedad\/proyecto-de-apartamentos-en-la-esperilla-415743\/","title":{"rendered":"Proyecto de apartamentos en La Esperilla"},"content":{"rendered":"<p><em>La cocina ya no est\u00e1 reservada solamente para el que tiene la tarea de cocinar sino que se convirti\u00f3 en nuestro centro de reuni\u00f3n, un lugar donde hacemos <\/em><strong><em>familia <\/em><\/strong><em>e<\/em><strong><em> intimidad<\/em><\/strong><em> y en el que todos participamos. <\/em><\/p>\n<\/p>\n<p><em>Con estos ingredientes, estamos creando para t\u00ed una <\/em><strong><em>comunidad exclusiva para familias<\/em><\/strong><em>, en la que nos une el sabor del buen vivir. <\/em><\/p>\n<\/p>\n<p><em>Primer proyecto tem\u00e1tico de Santo Domingo:<\/em><\/p>\n<p><em>Un men\u00fa de apartamentos de buen gusto para familias foodies. <\/em><\/p>\n<\/p>\n<p><em>Nace la receta de crear un proyecto de buen gusto enfocado en el centro emocional del hogar. <\/em><\/p>\n<ul>\n<li><em>Ubicaci\u00f3n estelar<\/em><\/li>\n<li><em>Arquitectura de alto nivel<\/em><\/li>\n<li><em>Exclusiva para pocas familias<\/em><\/li>\n<li><em>Amenidades culinarias hechas a la medida en las \u00e1reas comunes y de uso exclusivo<\/em><\/li>\n<\/ul>\n<p><strong><em>STAR AMENITIES<br \/><\/em><\/strong><em>Piso 8 es afitri\u00f3n de Experencias \u00fanicas<\/em><\/p>\n<p><strong><em>COCINA EXTERIOR DE LLAMA VIVA<\/em><\/strong><\/p>\n<p><em>Area de BBQ, Horno Kamado y Horno de Pizza<\/em><\/p>\n<p><strong><em>KITCHEN STUDIO<\/em><\/strong><\/p>\n<p><em>Cocinas profesionales equipadas para eventos privados de la comunidad o un compartir entre amigos.<\/em><\/p>\n<p><strong><em>CAVA DE VINOS<\/em><\/strong><\/p>\n<p><em>Sum\u00e9rgete en una experiencia sensorial \u00fanica mientras compartes una botella de tu locker privado<\/em><\/p>\n<p><strong><em>OPEN DECK<\/em><\/strong><\/p>\n<p><em>El lugar ideal para disfrutar de un puro y contemplar la vista desde el piso 8<\/em><\/p>\n<p><strong><em>LIFESTYLE AMENITIES<\/em><\/strong><\/p>\n<ul>\n<li><em>Gym equipado<\/em><\/li>\n<li><em>Cabina de masajes y cabina de est\u00e9tica<\/em><\/li>\n<li><em>Area de choferes y servicios<\/em><\/li>\n<\/ul>\n<p><strong><em>APARTAMENTOS<\/em><\/strong><\/p>\n<p><em>1 habitaci\u00f3n (88mts)<\/em><\/p>\n<p><em>2 habitaciones + flex room (146mts)<\/em><\/p>\n<p><em>3 habitaciones + estudio (179 \/ 191 \/ 202 mts)<\/em><\/p>\n<p><em>3 habitaciones + estudoio (244 \/266 mts)<\/em><\/p>\n<\/p>\n<p><strong><em>APARTAMENTOS TIPO DUPLEX<\/em><\/strong><\/p>\n<p><em>Tipolog\u00edas 1*, 2 y 3 habitaciones<\/em><\/p>\n<p><em>Diversidad de tipolog\u00edas con pocas unidades<\/em><\/p>\n<p><em>Apartamentos sociales con terrazas y cocinas como protagonistas<\/em><\/p>\n<p><em>S\u00f3lo 45 apartamentos, dise\u00f1ados para que disfrutes la vida al m\u00e1ximo dentro de tu casa<\/em><\/p>\n<p><em>* apartamentos de 1 habitaci\u00f3n no son duplex<\/em><\/p>\n<\/p>\n<p><strong><em>CARACTERISTICAS GENERALES<\/em><\/strong><\/p>\n<ul>\n<li><em>Planta full<\/em><\/li>\n<li><em>3 ascensores de \u00faltima generaci\u00f3n<\/em><\/li>\n<li><em>Accesos privados para residentes<\/em><\/li>\n<li><em>Lobby climatizado, equipado y con personal dedicado 24\/7<\/em><\/li>\n<li><em>Sistema de seguridad por CCTV y contra incendio<\/em><\/li>\n<li><em>Edificio energy-friendly<\/em><\/li>\n<li><em>Dise\u00f1o de amenidades y operaci\u00f3n de la mano con firma de clase mundial para eficiencia de las \u00e1reas<\/em><\/li>\n<\/ul>\n","protected":false},"excerpt":{"rendered":"<p>Primer proyecto tem\u00e1tico de Santo Domingo: Un men\u00fa de apartamentos de buen gusto para familias foodies en la esperilla.<\/p>\n","protected":false},"featured_media":0,"template":"","meta":{"_acf_changed":false},"categories":[],"tags":[],"desarrollador":[],"comprar-propiedades":[12],"operacion":[3],"tipo-de-inmueble":[6],"provincia":[15],"ciudad":[16],"sector":[363],"class_list":["post-6791","propiedad","type-propiedad","status-publish","hentry","comprar-propiedades-en-construccion","operacion-comprar","tipo-de-inmueble-apartamentos","provincia-santo-domingo-de-guzman","ciudad-santo-domingo-d-n","sector-la-esperilla"],"acf":{"agente_responsable":417,"amenidades_del_inmueble":[{"nombre":"Amenidades","icono":""},{"nombre":"Cocina","icono":""},{"nombre":"Estudio","icono":""},{"nombre":"Locker","icono":""}]},"_links":{"self":[{"href":"https:\/\/mrhome.com.do\/en\/wp-json\/wp\/v2\/propiedad\/6791","targetHints":{"allow":["GET"]}}],"collection":[{"href":"https:\/\/mrhome.com.do\/en\/wp-json\/wp\/v2\/propiedad"}],"about":[{"href":"https:\/\/mrhome.com.do\/en\/wp-json\/wp\/v2\/types\/propiedad"}],"wp:attachment":[{"href":"https:\/\/mrhome.com.do\/en\/wp-json\/wp\/v2\/media?parent=6791"}],"wp:term":[{"taxonomy":"category","embeddable":true,"href":"https:\/\/mrhome.com.do\/en\/wp-json\/wp\/v2\/categories?post=6791"},{"taxonomy":"post_tag","embeddable":true,"href":"https:\/\/mrhome.com.do\/en\/wp-json\/wp\/v2\/tags?post=6791"},{"taxonomy":"desarrollador","embeddable":true,"href":"https:\/\/mrhome.com.do\/en\/wp-json\/wp\/v2\/desarrollador?post=6791"},{"taxonomy":"comprar-propiedades","embeddable":true,"href":"https:\/\/mrhome.com.do\/en\/wp-json\/wp\/v2\/comprar-propiedades?post=6791"},{"taxonomy":"operacion","embeddable":true,"href":"https:\/\/mrhome.com.do\/en\/wp-json\/wp\/v2\/operacion?post=6791"},{"taxonomy":"tipo-de-inmueble","embeddable":true,"href":"https:\/\/mrhome.com.do\/en\/wp-json\/wp\/v2\/tipo-de-inmueble?post=6791"},{"taxonomy":"provincia","embeddable":true,"href":"https:\/\/mrhome.com.do\/en\/wp-json\/wp\/v2\/provincia?post=6791"},{"taxonomy":"ciudad","embeddable":true,"href":"https:\/\/mrhome.com.do\/en\/wp-json\/wp\/v2\/ciudad?post=6791"},{"taxonomy":"sector","embeddable":true,"href":"https:\/\/mrhome.com.do\/en\/wp-json\/wp\/v2\/sector?post=6791"}],"curies":[{"name":"wp","href":"https:\/\/api.w.org\/{rel}","templated":true}]}}