{"id":3841,"date":"2025-05-22T00:00:00","date_gmt":"2025-05-22T04:00:00","guid":{"rendered":"https:\/\/mrhomeweb.rtlsmedia.com\/propiedad\/apartamento-familiar-comodidad-y-estilo-en-un-solo-lugar\/"},"modified":"2025-09-23T16:00:48","modified_gmt":"2025-09-23T20:00:48","slug":"apartamento-familiar-comodidad-y-estilo-en-un-solo-lugar","status":"publish","type":"propiedad","link":"https:\/\/mrhome.com.do\/en\/propiedad\/apartamento-familiar-comodidad-y-estilo-en-un-solo-lugar\/","title":{"rendered":"Apartamento Familiar: \u00a1Comodidad y estilo en un solo lugar!"},"content":{"rendered":"<p>\u00a1Este apartamento es realmente un sue\u00f1o hecho realidad!  \u2728 Ubicado en el tercer nivel de un exclusivo residencial en <strong>Las Cejas, San Francisco de Macor\u00eds<\/strong>, te ofrece un ambiente de <strong>tranquilidad y confort<\/strong> para disfrutar cada d\u00eda con tu familia. Rodeado de naturaleza, es el lugar perfecto para vivir tus sue\u00f1os.  <\/p>\n<p>  <strong>Caracter\u00edsticas del Apartamento<\/strong>  <\/p>\n<p>\u2705 <strong>\u00c1rea de Construcci\u00f3n<\/strong>: 96.35 m\u00b2<\/p>\n<p>\u2705 <strong>Habitaciones<\/strong>: 3 (La principal con ba\u00f1o y walking closet)  \ufe0f <\/p>\n<p>\u2705 <strong>Ba\u00f1os<\/strong>: 2  <\/p>\n<p>\u2705 <strong>Sala<\/strong>  \ufe0f<\/p>\n<p>\u2705 <strong>Comedor<\/strong>  \ufe0f<\/p>\n<p>\u2705 <strong>Cocina<\/strong>  <\/p>\n<p>\u2705 <strong>\u00c1rea de Lavado<\/strong>  <\/p>\n<p>\u2705 <strong>Amplio Balc\u00f3n<\/strong>  <\/p>\n<p>\u2705 <strong>Estacionamiento<\/strong>: 1 plaza  <\/p>\n<p>  <strong>\u00a1Listo para financiamiento!<\/strong> No pierdas esta <strong>gran oportunidad<\/strong> de ser due\u00f1o de este incre\u00edble apartamento.  \u2728<\/p>\n<p>Si necesitas que lo personalice a\u00fan m\u00e1s o le agregue alg\u00fan detalle adicional, \u00a1av\u00edsame!  <\/p>\n","protected":false},"excerpt":{"rendered":"<p>\u00a1Este apartamento es realmente un sue\u00f1o hecho realidad!  \u2728 Ubicado en el tercer nivel de un exclusivo residencial en Las Cejas, San Francisco de Macor\u00eds, te ofrece un ambiente de tranquilidad y confort para disfrutar cada d\u00eda con tu familia. Rodeado de naturaleza, es el lugar perfecto para vivir tus sue\u00f1os.<br \/>\n  Caracter\u00edsticas del Apartamento<\/p>\n","protected":false},"featured_media":0,"template":"","meta":{"_acf_changed":false},"categories":[],"tags":[],"desarrollador":[],"comprar-propiedades":[11],"operacion":[3],"tipo-de-inmueble":[6],"provincia":[62],"ciudad":[128],"sector":[403],"class_list":["post-3841","propiedad","type-propiedad","status-publish","hentry","comprar-propiedades-listas","operacion-comprar","tipo-de-inmueble-apartamentos","provincia-duarte","ciudad-san-francisco-de-macoris","sector-las-cejas"],"acf":{"inmueble_destacado":null,"inmueble_vendido":"0","uid_propiedad":"","cid_propiedad":"418432","operacion_project":"3","tipo_de_inmueble":"6","estado_project":"11","entrega_project":null,"provincia_project":"62","ciudad_project":"128","sector_project":"403","moneda_project":"USD","price_project":"99000","price_project_hasta":null,"ae_precio_de_venta":"99,000.00","ae_precio_alquiler":"","ae_precio_renta_temporal":"","ae_precio_alquier_amueblado":"","ae_precio_venta_amueblado":"","ae_precio_mantenimiento":"","ae_precio_separacion":"","m_construccion_project":"108.35","m_construccion_terreno":"","banos_project":"2.00","parqueo_project":"1","habitacion_project":"3","proyecto_max_de_banos":null,"proyecto_max_de_parqueo":null,"proyecto_max_de_area":null,"proyecto_max_de_habitaciones":null,"proyecto_precio_max":null,"proyecto_moneda_precio_max":null,"proyecto_min_de_banos":null,"proyecto_min_de_parqueos":null,"proyecto_min_de_area":null,"proyecto_min_de_habitaciones":null,"proyecto_precio_min":null,"proyecto_moneda_precio_min":null,"url_imagen_destacada":"https:\/\/d2p0bx8wfdkjkb.cloudfront.net\/static\/properties\/SD1VYND9UU\/W3W1SOGWBO\/biAAbvYfoS\/fdd2fe25-cc8a-46dc-97da-e2bb2cac669d.jpeg","url_gallery_1":"https:\/\/d2p0bx8wfdkjkb.cloudfront.net\/static\/properties\/SD1VYND9UU\/8HWHTOOE2F\/Ef5psYY3Pd\/IMG-20250521-WA0060.jpeg","url_gallery_2":"https:\/\/d2p0bx8wfdkjkb.cloudfront.net\/static\/properties\/SD1VYND9UU\/M1MLPFAY2X\/rJ3wYCWNw2\/IMG-20250521-WA0059.jpeg","url_gallery_3":"https:\/\/d2p0bx8wfdkjkb.cloudfront.net\/static\/properties\/SD1VYND9UU\/P2ENGX85TL\/SfawJDJGnN\/IMG-20250521-WA0062.jpeg","url_gallery_4":"https:\/\/d2p0bx8wfdkjkb.cloudfront.net\/static\/properties\/SD1VYND9UU\/SUBZQVF2K8\/4vS9NBxnXX\/IMG-20250521-WA0061.jpeg","url_gallery_5":"https:\/\/d2p0bx8wfdkjkb.cloudfront.net\/static\/properties\/SD1VYND9UU\/E2MOO1OOP7\/qMJJAqSVWs\/IMG-20250521-WA0064.jpeg","url_video_de_youtube":null,"gallery_project":null,"gallery_repeater":null,"agente_responsable":"573","agentes":null,"amenidades_del_inmueble":null,"areas_comunes_del_inmueble":null,"lugares_cercanos_al_inmueble":null,"plan_de_pagos":null,"unidades_disponibles":null,"opciones_del_proyecto":null,"propiedades_similares":null,"google_map_iframe":null,"convertir_en_landing_page":null,"titulo_breve":null,"breve_descripcion":null,"amenidades_destacadas":null,"galeria_cover":null},"_links":{"self":[{"href":"https:\/\/mrhome.com.do\/en\/wp-json\/wp\/v2\/propiedad\/3841","targetHints":{"allow":["GET"]}}],"collection":[{"href":"https:\/\/mrhome.com.do\/en\/wp-json\/wp\/v2\/propiedad"}],"about":[{"href":"https:\/\/mrhome.com.do\/en\/wp-json\/wp\/v2\/types\/propiedad"}],"wp:attachment":[{"href":"https:\/\/mrhome.com.do\/en\/wp-json\/wp\/v2\/media?parent=3841"}],"wp:term":[{"taxonomy":"category","embeddable":true,"href":"https:\/\/mrhome.com.do\/en\/wp-json\/wp\/v2\/categories?post=3841"},{"taxonomy":"post_tag","embeddable":true,"href":"https:\/\/mrhome.com.do\/en\/wp-json\/wp\/v2\/tags?post=3841"},{"taxonomy":"desarrollador","embeddable":true,"href":"https:\/\/mrhome.com.do\/en\/wp-json\/wp\/v2\/desarrollador?post=3841"},{"taxonomy":"comprar-propiedades","embeddable":true,"href":"https:\/\/mrhome.com.do\/en\/wp-json\/wp\/v2\/comprar-propiedades?post=3841"},{"taxonomy":"operacion","embeddable":true,"href":"https:\/\/mrhome.com.do\/en\/wp-json\/wp\/v2\/operacion?post=3841"},{"taxonomy":"tipo-de-inmueble","embeddable":true,"href":"https:\/\/mrhome.com.do\/en\/wp-json\/wp\/v2\/tipo-de-inmueble?post=3841"},{"taxonomy":"provincia","embeddable":true,"href":"https:\/\/mrhome.com.do\/en\/wp-json\/wp\/v2\/provincia?post=3841"},{"taxonomy":"ciudad","embeddable":true,"href":"https:\/\/mrhome.com.do\/en\/wp-json\/wp\/v2\/ciudad?post=3841"},{"taxonomy":"sector","embeddable":true,"href":"https:\/\/mrhome.com.do\/en\/wp-json\/wp\/v2\/sector?post=3841"}],"curies":[{"name":"wp","href":"https:\/\/api.w.org\/{rel}","templated":true}]}}