{"id":29282,"date":"2026-03-17T16:48:50","date_gmt":"2026-03-17T20:48:50","guid":{"rendered":"https:\/\/mrhome.com.do\/?post_type=propiedad&#038;p=29282"},"modified":"2026-04-13T17:30:33","modified_gmt":"2026-04-13T21:30:33","slug":"un-apartamento-que-simplemente-no-se-compara-419876","status":"publish","type":"propiedad","link":"https:\/\/mrhome.com.do\/en\/propiedad\/un-apartamento-que-simplemente-no-se-compara-419876\/","title":{"rendered":"\u2728 Un apartamento que simplemente no se compara."},"content":{"rendered":"<p>Ubicado en una de las torres residenciales m\u00e1s s\u00f3lidas y exclusivas del sector es reconocido por su excelente mantenimiento y por albergar una comunidad residencial consolidada, discreta y de alto perfil, donde la privacidad y la calidad de convivencia forman parte natural del estilo de vida del edificio.<\/p>\n<p>\u2014\u2014\u2014<\/p>\n<p>Generalidades<\/p>\n<p>Este apartamento completamente remodelado recientemente redefine el concepto de elegancia contempor\u00e1nea y confort urbano. Inspirado en el estilo dan\u00e9s Hygge Minimalista, esta residencia combina l\u00edneas limpias, materiales nobles y una atm\u00f3sfera c\u00e1lida y sofisticada que invita a disfrutar cada espacio con serenidad y equilibrio.<\/p>\n<p>Con 261.10 m\u00b2 de construcci\u00f3n y 233.6 m\u00b2 netos, el apartamento se encuentra en el nivel 02 y desde su entrada, el nos recibe con un amplio lobby privado que conduce a una impresionante \u00e1rea social de concepto abierto, donde sala, estudio y comedor se integran de forma arm\u00f3nica, generando espacios luminosos y elegantes ideales tanto para la vida familiar como para el entretenimiento. Amplio balc\u00f3n retirado de la calle y con vista despejada .<\/p>\n<p>La residencia cuenta con tres amplias habitaciones, cada una con ba\u00f1o privado y walking closet, dise\u00f1adas para ofrecer privacidad, comodidad y funcionalidad. Un medio ba\u00f1o para visitas, cocina fr\u00eda y cocina caliente independiente, \u00e1rea de lavado y cuarto de servicio con ba\u00f1o complementan una distribuci\u00f3n altamente funcional.<\/p>\n<p>\u2e3b<\/p>\n<p>Dise\u00f1o y Materiales<\/p>\n<p>El apartamento ha sido objeto de una remodelaci\u00f3n integral completa, cuidando cada detalle para lograr una est\u00e9tica contempor\u00e1nea y atemporal:<\/p>\n<p>\t\u2022\tPisos en m\u00e1rmol<\/p>\n<p>\t\u2022\tPuertas de roble<\/p>\n<p>\t\u2022\tVentanas con cristales anti-ruido <\/p>\n<p>\t\u2022\tShutters y screens protectores en todas las ventanas<\/p>\n<p>\t\u2022\tTechos y muros con terminaciones en sheetrock, madera y estuco.<\/p>\n<p>\t\u2022\tSistema de iluminaci\u00f3n LED completamente renovado.<\/p>\n<p>Se incorpor\u00f3 adem\u00e1s mobiliario empotrado permanente en m\u00e1rmol y madera dise\u00f1ado a medida en las siguientes \u00e1reas:<\/p>\n<p>\t\u2022\tSala<\/p>\n<p>\t\u2022\tEstudio<\/p>\n<p>\t\u2022\tComedor<\/p>\n<p>\t\u2022\tLobby<\/p>\n<p>\t\u2022\tLas tres habitaciones<\/p>\n<p>\u2e3b<\/p>\n<p>Infraestructura y Tecnolog\u00eda<\/p>\n<p>La propiedad fue actualizada con est\u00e1ndares de infraestructura poco comunes en el mercado residencial:<\/p>\n<p>\t\u2022\tSistema el\u00e9ctrico completamente reemplazado, con est\u00e1ndares europeos-alemanes marca Hager, incluyendo alimentador principal.<\/p>\n<p>\t\u2022\tSistema de iluminaci\u00f3n totalmente renovado.<\/p>\n<p>\t\u2022\tDuctos del aire acondicionado central completamente reemplazados.<\/p>\n<p>\t\u2022\tSistema de red cableada profesional con servidor f\u00edsico en \u00e1rea de servicio.<\/p>\n<p>\t\u2022\tRed WiFi profesional con repetidores UniFi distribuidos en todo el apartamento para cobertura total.<\/p>\n<p>\t\u2022\tPermas en el Balc\u00f3n<\/p>\n<p>       \u2022    Hierros de seguridad en toda la periferia del apartamento.<\/p>\n<p>\u2e3b<\/p>\n<p>Ba\u00f1os y Cocina<\/p>\n<p>Todos los ba\u00f1os fueron completamente renovados, destacando:<\/p>\n<p>\t\u2022\tBa\u00f1os principales y de visitas revestidos en m\u00e1rmol<\/p>\n<p>\t\u2022\tAcabados contempor\u00e1neos de alta calidad<\/p>\n<p>La residencia cuenta adem\u00e1s con cocina fr\u00eda y cocina caliente independiente, ideal para quienes disfrutan de cocinar o recibir invitados. Renovaci\u00f3n completa de la cocina integrando topes de Cuarzo, amplios espacios de almacenaje y herrajes alemanes Blum. Adem\u00e1s de un Sistema integrado de Osmosis inversa instalado con bomba independiente de la casa Coway.<\/p>\n<p>\u2e3b<\/p>\n<p>Edificio y Amenidades<\/p>\n<p>La torre fue remodelada recientemente, incluyendo la fachada completa, pintura general, as\u00ed como importantes mejoras en \u00e1reas comunes:<\/p>\n<p>\t\u2022\tDos lobbies climatizados, con \u00e1rea de espera<\/p>\n<p>\t\u2022\tSal\u00f3n para choferes<\/p>\n<p>\t\u2022\tDuctos de basura <\/p>\n<p>\t\u2022\tDos accesos al apartamento (principal y \u00e1rea de servicio)<\/p>\n<p>Amenidades de la torre:<\/p>\n<p>\t\u2022\tGimnasio<\/p>\n<p>\t\u2022\t\u00c1rea social en el piso 12 con vista al mar<\/p>\n<p>\t\u2022\tSal\u00f3n social para ni\u00f1os climatizado con juegos (hasta 10 a\u00f1os)<\/p>\n<p>\t\u2022\tDos bombas de agua<\/p>\n<p>\t\u2022\tPlanta el\u00e9ctrica de emergencia<\/p>\n<p>      \u2022     Generador de emergencia para \u00e1reas comunes<\/p>\n<p>\t\u2022\tGas com\u00fan<\/p>\n<p>\t\u2022\tCerco el\u00e9ctrico perimetral<\/p>\n<p>      \u2022     Conserje y Seguridad<\/p>\n<p>\u2e3b<\/p>\n<p>Estacionamiento, Almacenamiento y Mantenimiento<\/p>\n<p>La propiedad incluye:<\/p>\n<p>\t\u2022\t2 parqueos paralelos <\/p>\n<p>\t\u2022\tLocker amplio con sistema de organizaci\u00f3n<\/p><\/p>\n","protected":false},"excerpt":{"rendered":"<p>\u2728 Un apartamento que simplemente no se compara. 233 m\u00b2 de elegancia completamente remodelados bajo el concepto Hygge minimalista, donde cada espacio transmite calma, dise\u00f1o y exclusividad. \u2022 3 habitaciones con ba\u00f1o y walking closet \u2022 Amplia \u00e1rea social de concepto abierto \u2022 Balc\u00f3n con vista despejada y retirado de la calle \u2022 Pisos en m\u00e1rmol y puertas en roble \u2022 Cocina fr\u00eda + cocina caliente \u2022 Sistema el\u00e9ctrico y tecnol\u00f3gico completamente renovado \u2022 2 parqueos paralelos + locker Ubicado en una de las torres m\u00e1s s\u00f3lidas y exclusivas del sector, con gimnasio, \u00e1rea social con vista al mar, seguridad y excelente mantenimiento. Un hogar pensado para quienes valoran privacidad, dise\u00f1o y calidad de vida. Eduardo Navarro \u2013 Mr. Home \ud83d\udcf2 829-763-3069<\/p>\n","protected":false},"featured_media":0,"template":"","meta":{"_acf_changed":false},"categories":[],"tags":[],"desarrollador":[],"comprar-propiedades":[45],"operacion":[3],"tipo-de-inmueble":[6],"provincia":[15],"ciudad":[16],"sector":[307],"class_list":["post-29282","propiedad","type-propiedad","status-publish","hentry","comprar-propiedades-listo","operacion-comprar","tipo-de-inmueble-apartamentos","provincia-santo-domingo-de-guzman","ciudad-santo-domingo-d-n","sector-ensanche-naco"],"acf":{"agente_responsable":433,"amenidades_del_inmueble":[{"nombre":"Agua","icono":""},{"nombre":"Aire acondicionado","icono":""},{"nombre":"Amenidades","icono":""},{"nombre":"Area De Juegos Infantiles","icono":""},{"nombre":"Area de Lavado","icono":""},{"nombre":"\u00c1rea de Lavado","icono":""},{"nombre":"\u00c1rea Infantil","icono":""},{"nombre":"Area Social","icono":""},{"nombre":"\u00c1rea social","icono":""},{"nombre":"Ascensor","icono":""},{"nombre":"Balc\u00f3n","icono":""},{"nombre":"Balc\u00f3n tipo Terraza","icono":""},{"nombre":"Ba\u00f1os","icono":""},{"nombre":"C\u00e1maras de seguridad","icono":""},{"nombre":"Cocina","icono":""},{"nombre":"Cocina Caliente","icono":""},{"nombre":"Cocina Fr\u00eda","icono":""},{"nombre":"Comedor","icono":""},{"nombre":"Cuarto de Servicio","icono":""},{"nombre":"Elevador de carga","icono":""},{"nombre":"Estudio","icono":""},{"nombre":"Gas com\u00fan","icono":""},{"nombre":"Gimnasio","icono":""},{"nombre":"Iluminaci\u00f3n Led","icono":""},{"nombre":"L\u00ednea Blanca","icono":""},{"nombre":"Lobby","icono":""},{"nombre":"Locker","icono":""},{"nombre":"Madera preciosa","icono":""},{"nombre":"Parqueos","icono":""},{"nombre":"Parqueos Paralelos","icono":""},{"nombre":"Pisos en M\u00e1rmol","icono":""},{"nombre":"Planta","icono":""},{"nombre":"Planta El\u00e9ctrica","icono":""},{"nombre":"Portero","icono":""},{"nombre":"Port\u00f3n El\u00e9ctrico","icono":""},{"nombre":"Pre-instalaci\u00f3n de aire acondicionado","icono":""},{"nombre":"Sala","icono":""},{"nombre":"Sal\u00f3n Multiusos","icono":""},{"nombre":"Shutters","icono":""},{"nombre":"Sistema de seguridad CCTV","icono":""},{"nombre":"Vigilancia 24 horas","icono":""},{"nombre":"Vista al Mar","icono":""}]},"_links":{"self":[{"href":"https:\/\/mrhome.com.do\/en\/wp-json\/wp\/v2\/propiedad\/29282","targetHints":{"allow":["GET"]}}],"collection":[{"href":"https:\/\/mrhome.com.do\/en\/wp-json\/wp\/v2\/propiedad"}],"about":[{"href":"https:\/\/mrhome.com.do\/en\/wp-json\/wp\/v2\/types\/propiedad"}],"wp:attachment":[{"href":"https:\/\/mrhome.com.do\/en\/wp-json\/wp\/v2\/media?parent=29282"}],"wp:term":[{"taxonomy":"category","embeddable":true,"href":"https:\/\/mrhome.com.do\/en\/wp-json\/wp\/v2\/categories?post=29282"},{"taxonomy":"post_tag","embeddable":true,"href":"https:\/\/mrhome.com.do\/en\/wp-json\/wp\/v2\/tags?post=29282"},{"taxonomy":"desarrollador","embeddable":true,"href":"https:\/\/mrhome.com.do\/en\/wp-json\/wp\/v2\/desarrollador?post=29282"},{"taxonomy":"comprar-propiedades","embeddable":true,"href":"https:\/\/mrhome.com.do\/en\/wp-json\/wp\/v2\/comprar-propiedades?post=29282"},{"taxonomy":"operacion","embeddable":true,"href":"https:\/\/mrhome.com.do\/en\/wp-json\/wp\/v2\/operacion?post=29282"},{"taxonomy":"tipo-de-inmueble","embeddable":true,"href":"https:\/\/mrhome.com.do\/en\/wp-json\/wp\/v2\/tipo-de-inmueble?post=29282"},{"taxonomy":"provincia","embeddable":true,"href":"https:\/\/mrhome.com.do\/en\/wp-json\/wp\/v2\/provincia?post=29282"},{"taxonomy":"ciudad","embeddable":true,"href":"https:\/\/mrhome.com.do\/en\/wp-json\/wp\/v2\/ciudad?post=29282"},{"taxonomy":"sector","embeddable":true,"href":"https:\/\/mrhome.com.do\/en\/wp-json\/wp\/v2\/sector?post=29282"}],"curies":[{"name":"wp","href":"https:\/\/api.w.org\/{rel}","templated":true}]}}